{"id":3,"date":"2024-11-11T15:29:06","date_gmt":"2024-11-11T15:29:06","guid":{"rendered":"https:\/\/bliss.coredesign.store\/?page_id=3"},"modified":"2025-01-28T21:00:33","modified_gmt":"2025-01-28T21:00:33","slug":"privacy-policy","status":"publish","type":"page","link":"https:\/\/blisshouse.hu\/hu\/privacy-policy\/","title":{"rendered":"Privacy Policy"},"content":{"rendered":"<div data-elementor-type=\"wp-page\" data-elementor-id=\"3\" class=\"elementor elementor-3\" data-elementor-post-type=\"page\">\n\t\t\t\t<div class=\"elementor-element elementor-element-5c1e9c08 e-con-full e-flex e-con e-parent\" data-id=\"5c1e9c08\" data-element_type=\"container\">\n\t\t\t\t<\/div>\n\t\t<div class=\"elementor-element elementor-element-f2c6549 e-flex e-con-boxed e-con e-parent\" data-id=\"f2c6549\" data-element_type=\"container\">\n\t\t\t\t\t<div class=\"e-con-inner\">\n\t\t\t\t<div class=\"elementor-element elementor-element-2571315 elementor-widget elementor-widget-text-editor\" data-id=\"2571315\" data-element_type=\"widget\" data-widget_type=\"text-editor.default\">\n\t\t\t\t<div class=\"elementor-widget-container\">\n\t\t\t\t\t\t\t\t\t<h2 class=\"wp-block-heading\">A Bliss Hotel Kft. adatkezel\u00e9si t\u00e1j\u00e9koztat\u00f3ja<\/h2>\n<p class=\"wp-block-heading\">Utols\u00f3 friss\u00edt\u00e9s 11\/27\/2024<\/p>\n<p class=\"wp-block-heading\"><br \/>A k\u00f6vetkez\u0151 Adatv\u00e9delmi nyilatkozat a Bliss Hotel Kft. (\u201eT\u00e1rsas\u00e1g\u201d, \u201emi\u201d vagy \u201eminket\u201d) online inform\u00e1ci\u00f3gy\u0171jt\u00e9si gyakorlat\u00e1t szab\u00e1lyozza. Felv\u00e1zolja azokat az inform\u00e1ci\u00f3t\u00edpusokat, amelyeket \u00d6nr\u0151l gy\u0171jt\u00fcnk, mik\u00f6zben \u00d6n a webhelyeinket https:\/\/blisshouse.hu (a \u201eWebhelyek\u201d) haszn\u00e1lja, \u00e9s a m\u00f3dokat, ahogyan ezeket az inform\u00e1ci\u00f3kat felhaszn\u00e1ljuk.<\/p>\n<h3 class=\"wp-block-heading\"><br \/>C\u00c9L \u00c9S HAT\u00c1LY<\/h3>\n<p class=\"wp-block-heading\">Az Adatv\u00e9delmi nyilatkozat els\u0151sorban az online gy\u0171jt\u00f6tt inform\u00e1ci\u00f3kra vonatkozik; azonban vonatkozhat n\u00e9h\u00e1ny olyan adatra is, amelyet offline m\u00f3don \u00e9s\/vagy m\u00e1s m\u00f3don (p\u00e9ld\u00e1ul telefonon vagy postai \u00faton) is megad nek\u00fcnk.<\/p>\n<p class=\"wp-block-heading\"><br \/>Az Adatv\u00e9delmi nyilatkozat dokument\u00e1lja \u00e9s le\u00edrja a szervezet\u00fcnk \u00e1ltal gy\u0171jt\u00f6tt inform\u00e1ci\u00f3k m\u00f3dj\u00e1t minden Felhaszn\u00e1l\u00f3nk\/N\u00e9z\u0151nk sz\u00e1m\u00e1ra. Szolg\u00e1ltat\u00e1saink ny\u00fajt\u00e1sa sor\u00e1n, regisztr\u00e1lt felhaszn\u00e1l\u00f3ink nev\u00e9ben inform\u00e1ci\u00f3kat gy\u0171jt\u00fcnk a N\u00e9z\u0151kr\u0151l. Az \u00e1ltalunk gy\u0171jt\u00f6tt inform\u00e1ci\u00f3k felhaszn\u00e1l\u00e1s\u00e1t els\u0151sorban a vel\u00fck k\u00f6t\u00f6tt szerz\u0151d\u00e9s\u00fcnk \u00e9s a szervezet\u00fck adatv\u00e9delmi ir\u00e1nyelvei szab\u00e1lyozz\u00e1k. Nem v\u00e1llalunk felel\u0151ss\u00e9get felhaszn\u00e1l\u00f3ink vagy b\u00e1rmely m\u00e1s harmadik f\u00e9l \u00e1ltal k\u00f6vetett adatv\u00e9delmi ir\u00e1nyelvek\u00e9rt \u00e9s gyakorlatok\u00e9rt.<\/p>\n<h3 class=\"wp-block-heading\"><br \/>K\u00d6VET\u00c9SI TECHNOL\u00d3GI\u00c1K \u00c9S S\u00dcTIK<\/h3>\n<p class=\"wp-block-heading\"><br \/>S\u00fctiket \u00e9s hasonl\u00f3 k\u00f6vet\u00e9si technol\u00f3gi\u00e1kat haszn\u00e1lunk Szolg\u00e1ltat\u00e1sunk tev\u00e9kenys\u00e9g\u00e9nek nyomon k\u00f6vet\u00e9s\u00e9re \u00e9s bizonyos inform\u00e1ci\u00f3k t\u00e1rol\u00e1s\u00e1ra. A haszn\u00e1lt k\u00f6vet\u00e9si technol\u00f3gi\u00e1k k\u00f6z\u00e9 tartoznak a jelz\u0151k, c\u00edmk\u00e9k \u00e9s szkriptek, amelyek inform\u00e1ci\u00f3kat gy\u0171jtenek \u00e9s k\u00f6vetnek, valamint jav\u00edtj\u00e1k \u00e9s elemzik Szolg\u00e1ltat\u00e1sunkat. Tov\u00e1bbi inform\u00e1ci\u00f3k a haszn\u00e1lt s\u00fctikr\u0151l a S\u00fctikre vonatkoz\u00f3 ir\u00e1nyelveinkben tal\u00e1lhat\u00f3k.<\/p>\n<h3 class=\"wp-block-heading\"><br \/>AZ \u00c1LTALUNK GY\u0170JT\u00d6TT \u00c9S T\u00c1ROLT INFORM\u00c1CI\u00d3K T\u00cdPUSAI<\/h3>\n<p class=\"wp-block-heading\"><br \/>Gy\u0171jthet\u00fcnk szem\u00e9lyes \u00e9s \u00e9rz\u00e9keny szem\u00e9lyes adatokat \u00d6nr\u0151l, \u00e9s ezeket az adatokat t\u00e1rolhatjuk a szolg\u00e1ltat\u00e1saink biztos\u00edt\u00e1s\u00e1val \u00e9s teljes\u00edt\u00e9s\u00e9vel kapcsolatban. A szem\u00e9lyes adatok t\u00f6bbek k\u00f6z\u00f6tt az al\u00e1bbiakat foglalhatj\u00e1k magukban, de nem kiz\u00e1r\u00f3lagosan:<\/p>\n<ul>\n<li class=\"wp-block-heading\">Email c\u00edm<\/li>\n<li class=\"wp-block-heading\">Teljes neve<\/li>\n<li class=\"wp-block-heading\">Haszn\u00e1lati adatok (pl.: IP c\u00edm)<\/li>\n<\/ul>\t\t\t\t\t\t\t\t<\/div>\n\t\t\t\t<\/div>\n\t\t\t\t<div class=\"elementor-element elementor-element-af67221 elementor-widget elementor-widget-text-editor\" data-id=\"af67221\" data-element_type=\"widget\" data-widget_type=\"text-editor.default\">\n\t\t\t\t<div class=\"elementor-widget-container\">\n\t\t\t\t\t\t\t\t\t<h3 class=\"wp-block-heading\">HOGYAN HASZN\u00c1LJUK AZ \u00d6N SZEM\u00c9LYES ADATAIT<\/h3>\n<p class=\"wp-block-heading\">A fenti szem\u00e9lyes adatokat az al\u00e1bbi c\u00e9lokra lehet felhaszn\u00e1lni, de nem kiz\u00e1r\u00f3lagosan ezekre.<\/p>\n<ul>\n<li>Hogy inform\u00e1ci\u00f3kat ny\u00fajtsunk \u00d6nnek aj\u00e1nlatainkr\u00f3l \u00e9s\/vagy id\u0151szakos h\u00edrleveleinkr\u0151l;<\/li>\n<li>Hogy v\u00e1laszoljunk a megkeres\u00e9s\u00e9re<\/li>\n<li>\u00dczleti statisztika vagy adat-analitika l\u00e9trehoz\u00e1sa vagy fejleszt\u00e9se az \u00e1ltalunk ny\u00fajtott Szolg\u00e1ltat\u00e1sokkal kapcsolatban (ehhez a c\u00e9lhoz a szem\u00e9lyes adatokat megoszthatjuk bizonyos, online el\u00e9rhet\u0151 szoftverekkel vagy eszk\u00f6z\u00f6kkel);<\/li>\n<li>Az \u00d6nnel val\u00f3 kapcsolattart\u00e1sra<\/li>\n<li>Bels\u0151 nyilv\u00e1ntart\u00e1s vezet\u00e9se c\u00e9lj\u00e1b\u00f3l;<\/li>\n<li>Enged\u00e9lyezni, hogy bejelentkezhessen \u00e9s haszn\u00e1lhassa felhaszn\u00e1l\u00f3i fi\u00f3kj\u00e1t;<\/li>\n<li>Ellen\u0151r\u00edzni az \u00d6n szem\u00e9lyazonoss\u00e1g\u00e1t<\/li>\n<li>Az \u00d6n szem\u00e9lyes adatainak naprak\u00e9szen tart\u00e1sa miatt.<\/li>\n<li>Az \u00d6n azonos\u00edt\u00e1sa miatt, mint szerz\u0151d\u0151 f\u00e9l;<\/li>\n<li>A honlapunk fejleszt\u00e9se \u00e9rdek\u00e9ben;<\/li>\n<li>Az el\u0151fizet\u00e9sek automatiz\u00e1lt kezel\u00e9s\u00e9nek lehet\u0151v\u00e9 t\u00e9tele \u00e9rdek\u00e9ben;<\/li>\n<li>Annak \u00e9rdek\u00e9ben, hogy egy\u00e9bk\u00e9nt is k\u00e9pesek legy\u00fcnk szolg\u00e1ltat\u00e1sokat ny\u00fajtani \u00d6nnek, \u00e9s<\/li>\n<li>Jogszab\u00e1lyi vagy t\u00f6rv\u00e9nyi k\u00f6telezetts\u00e9geink betart\u00e1sa \u00e9rdek\u00e9ben.<\/li>\n<\/ul>\n<h3>\u00a0<\/h3>\n<h3 class=\"wp-block-heading\">KI F\u00c9RHET HOZZ\u00c1 AZ \u00d6N ADATAIHOZ A SZERVEZET\u00dcNK\u00d6N BEL\u00dcL?<\/h3>\n<p class=\"wp-block-heading\">A szervezet\u00fcnk\u00f6n bel\u00fcl az \u00d6n adataihoz csak azok a szem\u00e9lyek f\u00e9rhetnek hozz\u00e1, akiknek hozz\u00e1f\u00e9r\u00e9s\u00fck sz\u00fcks\u00e9ges ahhoz, hogy az \u00d6n \u00e1ltal megv\u00e1s\u00e1rolt term\u00e9keket \u00e9s szolg\u00e1ltat\u00e1sokat biztos\u00edtsuk, kapcsolatba l\u00e9pj\u00fcnk \u00d6nnel, \u00e9s v\u00e1laszoljunk megkeres\u00e9seire, bele\u00e9rtve a visszat\u00e9r\u00edt\u00e9si k\u00e9relmeket is. Ezek a munkat\u00e1rsak olyan csapatokban dolgozhatnak, mint: marketing, rendezv\u00e9nyek, fejleszt\u00e9s, vezet\u0151s\u00e9g, \u00fcgyf\u00e9lszolg\u00e1lat. Az alkalmazottak csak a saj\u00e1t csapatukhoz tartoz\u00f3, relev\u00e1ns adatokhoz f\u00e9rhetnek hozz\u00e1, sz\u00fcks\u00e9g szerint.<\/p>\n<h3 class=\"wp-block-heading\"><br \/>KIVEL OSZTJUK MEG AZ ADATAIDAT A SZERVEZET\u00dcNK\u00d6N K\u00cdV\u00dcL, \u00c9S MI\u00c9RT?<\/h3>\n<h4 class=\"wp-block-heading\">Adatfeldolgoz\u00f3k<\/h4>\n<p class=\"wp-block-heading\">Szolg\u00e1ltat\u00f3k \u00e9s harmadik felek haszn\u00e1lat\u00e1t is ig\u00e9nybe vehetj\u00fck a Webhelyek \u00fczemeltet\u00e9s\u00e9hez \u00e9s fejleszt\u00e9s\u00e9hez, hogy seg\u00edtsenek bizonyos funkci\u00f3kban, mint p\u00e9ld\u00e1ul a fizet\u00e9sfeldolgoz\u00e1s, e-mail tov\u00e1bb\u00edt\u00e1s, felm\u00e9r\u00e9sek vagy versenyek lebonyol\u00edt\u00e1sa, adatok t\u00e1rol\u00e1sa, hirdet\u00e9seink kezel\u00e9se, marketing \u00e9s analitikai megold\u00e1sok, valamint n\u00e9h\u00e1ny technikai \u00e9s \u00fcgyf\u00e9lt\u00e1mogat\u00e1si feladat. Int\u00e9zked\u00e9seket hozunk annak \u00e9rdek\u00e9ben, hogy ezek a szolg\u00e1ltat\u00f3k csak az \u00e1ltalunk enged\u00e9lyezett c\u00e9lokra f\u00e9rjenek hozz\u00e1, dolgozz\u00e1k fel \u00e9s t\u00e1rolj\u00e1k az \u00d6n adatait, adatfeldolgoz\u00e1si meg\u00e1llapod\u00e1sok vagy kieg\u00e9sz\u00edt\u00e9sek v\u00e9grehajt\u00e1s\u00e1val.<\/p>\n<h4>Hat\u00f3s\u00e1gok<\/h4>\n<p>Hozz\u00e1f\u00e9rhet\u00fcnk, meg\u0151rizhetj\u00fck \u00e9s harmadik felekkel, bele\u00e9rtve az \u00fczenetek tartalm\u00e1t is, megoszthatjuk az \u00d6n adatait, ha \u00fagy v\u00e9lj\u00fck, hogy az adatok megoszt\u00e1sa \u00f6sszhangban van az alkalmazand\u00f3 t\u00f6rv\u00e9nyekkel, rendeletekkel, jogi elj\u00e1r\u00e1sokkal vagy auditokkal, vagy ha azokat megk\u00f6vetelik. Az \u00d6n adatait akkor is megoszthatjuk, ha \u00fagy v\u00e9lj\u00fck, hogy az \u00d6n cselekedetei ellent\u00e9tesek a Szolg\u00e1ltat\u00e1si felt\u00e9teleinkkel vagy az ahhoz kapcsol\u00f3d\u00f3 ir\u00e1nymutat\u00e1sokkal \u00e9s szab\u00e1lyzatokkal, vagy ha sz\u00fcks\u00e9ges a T\u00e1rsas\u00e1g vagy m\u00e1sok jogainak, tulajdon\u00e1nak vagy biztons\u00e1g\u00e1nak v\u00e9delme, vagy a csal\u00e1s vagy vissza\u00e9l\u00e9s megel\u0151z\u00e9se \u00e9rdek\u00e9ben.<\/p>\n<h4>\u00dczleti \u00e1tad\u00e1s<\/h4>\n<p>Ha benn\u00fcnket (vagy vagyonunkat) felv\u00e1s\u00e1rolj\u00e1k, megsz\u0171n\u00fcnk, cs\u0151dbe megy\u00fcnk, vagy m\u00e1s ir\u00e1ny\u00edt\u00e1sv\u00e1lt\u00e1son megy\u00fcnk kereszt\u00fcl, a szem\u00e9lyes adatok az egyik olyan eszk\u00f6zk\u00e9nt szolg\u00e1lhatnak, amelyeket egy harmadik f\u00e9l \u00e1tvehet vagy megszerezhet.<\/p>\t\t\t\t\t\t\t\t<\/div>\n\t\t\t\t<\/div>\n\t\t\t\t<div class=\"elementor-element elementor-element-1be2e3b elementor-widget elementor-widget-text-editor\" data-id=\"1be2e3b\" data-element_type=\"widget\" data-widget_type=\"text-editor.default\">\n\t\t\t\t<div class=\"elementor-widget-container\">\n\t\t\t\t\t\t\t\t\t<h3 class=\"wp-block-heading translation-block\">MI\u00c9RT \u00c9S MENNYI IDEIG T\u00c1ROLJUK AZ \u00d6NT\u0150L GY\u0170JT\u00d6TT INFORM\u00c1CI\u00d3KAT?<\/h3>\n<p class=\"wp-block-heading\">Bizonyos inform\u00e1ci\u00f3kat, amelyeket \u00d6nt\u0151l gy\u0171jt\u00f6tt\u00fcnk, mik\u00f6zben Weboldalunkat haszn\u00e1lta, \u00e9s bizonyos esetekben, amikor esetleg t\u00f6r\u00f6lte fi\u00f3kj\u00e1t, az al\u00e1bbi okok miatt \u0151rz\u00fcnk meg:<\/p>\n<ul>\n<li>Annak \u00e9rdek\u00e9ben, hogy haszn\u00e1lhassa Webhelyeinket;<\/li>\n<li>Annak biztos\u00edt\u00e1sa \u00e9rdek\u00e9ben, hogy ne l\u00e9pj\u00fcnk kapcsolatba \u00d6nnel, ha k\u00e9rte, hogy ne tegy\u00fck;<\/li>\n<li>Hogy visszat\u00e9r\u00edt\u00e9st biztos\u00edtsunk \u00d6nnek, amennyiben jogosult r\u00e1;<\/li>\n<li>A webhelyeink forgalm\u00e1nak jobb meg\u00e9rt\u00e9se \u00e9rdek\u00e9ben, hogy minden partner\u00fcnk sz\u00e1m\u00e1ra a lehet\u0151 legjobb \u00e9lm\u00e9nyt ny\u00fajthassuk;<\/li>\n<li>A Webhelyeinkkel val\u00f3 vissza\u00e9l\u00e9sek, illeg\u00e1lis tev\u00e9kenys\u00e9gek \u00e9s a Szolg\u00e1ltat\u00e1si felt\u00e9teleink megszeg\u00e9s\u00e9nek \u00e9szlel\u00e9se \u00e9s megel\u0151z\u00e9se \u00e9rdek\u00e9ben; \u00e9s<\/li>\n<li>Az alkalmazand\u00f3 jogi, ad\u00f3\u00fcgyi vagy sz\u00e1mviteli k\u00f6vetelm\u00e9nyek betart\u00e1sa \u00e9rdek\u00e9ben.<\/li>\n<\/ul>\n<p>&nbsp;<\/p>\n<p class=\"wp-block-heading\">Az adatokat addig \u0151rizz\u00fck meg, am\u00edg az a fent le\u00edrt c\u00e9lokhoz sz\u00fcks\u00e9ges. Ez azt jelenti, hogy az adatokat k\u00fcl\u00f6nb\u00f6z\u0151 id\u0151tartamokig \u0151rizz\u00fck meg az adatok t\u00edpus\u00e1t\u00f3l, az adatokhoz kapcsol\u00f3d\u00f3 felhaszn\u00e1l\u00f3i kateg\u00f3ri\u00e1t\u00f3l \u00e9s az adatok gy\u0171jt\u00e9s\u00e9nek c\u00e9lj\u00e1t\u00f3l f\u00fcgg\u0151en.<\/p>\n<h3 class=\"wp-block-heading\"><br \/>BIZTONS\u00c1G<\/h3>\n<p class=\"wp-block-heading\">V\u00e1ltozatos adminisztrat\u00edv, ir\u00e1ny\u00edt\u00e1si \u00e9s technikai biztons\u00e1gi int\u00e9zked\u00e9seket vezet\u00fcnk be, hogy seg\u00edts\u00fcnk megv\u00e9deni az \u00d6n szem\u00e9lyes adatait. C\u00e9g\u00fcnk k\u00fcl\u00f6nf\u00e9le bels\u0151 ellen\u0151rz\u00e9si szabv\u00e1nyokkal rendelkezik, amelyek kifejezetten a szem\u00e9lyes adatok kezel\u00e9s\u00e9re vonatkoznak. Ezek k\u00f6z\u00e9 tartoznak bizonyos ellen\u0151rz\u00e9sek, amelyek seg\u00edtenek meg\u00f3vni az online gy\u0171jt\u00f6tt inform\u00e1ci\u00f3kat. Alkalmazottainkat kik\u00e9pezz\u00fck, hogy meg\u00e9rts\u00e9k \u00e9s betarts\u00e1k ezeket az ellen\u0151rz\u00e9seket, \u00e9s k\u00f6z\u00f6lj\u00fck vel\u00fck Adatv\u00e9delmi nyilatkozatunk gyakorlat\u00e1t \u00e9s ir\u00e1nymutat\u00e1sait. Mik\u00f6zben t\u00f6reksz\u00fcnk az \u00d6n szem\u00e9lyes adatainak v\u00e9delm\u00e9re, \u00d6nnek is l\u00e9p\u00e9seket kell tennie adatainak v\u00e9delme \u00e9rdek\u00e9ben. Arra biztatjuk \u00d6nt, hogy tegyen meg minden \u00f3vint\u00e9zked\u00e9st szem\u00e9lyes adatainak v\u00e9delme \u00e9rdek\u00e9ben az interneten.<\/p>\t\t\t\t\t\t\t\t<\/div>\n\t\t\t\t<\/div>\n\t\t\t\t<div class=\"elementor-element elementor-element-f2dedb7 elementor-widget elementor-widget-text-editor\" data-id=\"f2dedb7\" data-element_type=\"widget\" data-widget_type=\"text-editor.default\">\n\t\t\t\t<div class=\"elementor-widget-container\">\n\t\t\t\t\t\t\t\t\t<h3 class=\"wp-block-heading\">AZ \u00d6N JOGAI A GDPR SZERINT<\/h3>\n<p class=\"wp-block-heading\">\u00d6nnek bizonyos jogai vannak, ha az EU ter\u00fclet\u00e9n tart\u00f3zkodik, ezek a k\u00f6vetkez\u0151k:<\/p>\n<ul>\n<li><strong>Hozz\u00e1f\u00e9r\u00e9si jog.<\/strong> Ez a jog lehet\u0151v\u00e9 teszi, hogy m\u00e1solatot kapjon szem\u00e9lyes adatair\u00f3l, valamint egy\u00e9b kieg\u00e9sz\u00edt\u0151 inform\u00e1ci\u00f3kr\u00f3l.<\/li>\n<li><strong>A feldolgoz\u00e1s korl\u00e1toz\u00e1s\u00e1hoz val\u00f3 jog.<\/strong> \u00d6n bizonyos k\u00f6r\u00fclm\u00e9nyek k\u00f6z\u00f6tt jogosult korl\u00e1tozni szem\u00e9lyes adatainak feldolgoz\u00e1s\u00e1t.<\/li>\n<li><strong>Helyesb\u00edt\u00e9shez val\u00f3 jog.<\/strong> \u00d6n jogosult arra, hogy b\u00e1rmely hi\u00e1nyos vagy pontatlan inform\u00e1ci\u00f3t, amelyet \u00d6nr\u0151l tartunk, helyesb\u00edts\u00e9k.<\/li>\n<li><strong>A feldolgoz\u00e1s elleni tiltakoz\u00e1shoz val\u00f3 jog. <\/strong>A tiltakoz\u00e1shoz val\u00f3 jog lehet\u0151v\u00e9 teszi, hogy meg\u00e1ll\u00edtsa vagy megakad\u00e1lyozza szem\u00e9lyes adatainak feldolgoz\u00e1s\u00e1t. Ez a jog akkor l\u00e9tezik, ha jogos \u00e9rdek \u00e9rv\u00e9nyes\u00edt\u00e9se alapj\u00e1n kezelj\u00fck szem\u00e9lyes adatait. \u00d6nnek joga van tiltakozni az ellen is, ha szem\u00e9lyes adatait k\u00f6zvetlen marketing c\u00e9lj\u00e1b\u00f3l kezelj\u00fck.<\/li>\n<li><strong>T\u00f6rl\u00e9shez val\u00f3 jog.<\/strong> \u00d6nnek joga van k\u00e9rni, hogy t\u00f6r\u00f6lj\u00fck vagy elt\u00e1vol\u00edtsuk szem\u00e9lyes adatait, amikor azok m\u00e1r nem sz\u00fcks\u00e9gesek az eredetileg gy\u0171jt\u00f6tt vagy feldolgozott c\u00e9l \u00e9rdek\u00e9ben.<\/li>\n<\/ul>\n<p>&nbsp;<\/p>\n<p class=\"wp-block-heading\">Jogai gyakorl\u00e1sa \u00e9rdek\u00e9ben felveheti vel\u00fcnk a kapcsolatot a k\u00f6vetkez\u0151 el\u00e9rhet\u0151s\u00e9geken: gabor.l.paapa@inpers.hu<\/p>\n<h3 class=\"wp-block-heading\"><br \/>M\u00c1S WEBOLDALAKRA MUTAT\u00d3 LINKEK<\/h3>\n<p class=\"wp-block-heading\">Webhelyeink tartalmazhatnak olyan m\u00e1s webhelyekre mutat\u00f3 linkeket, amelyeket nem mi \u00fczemeltet\u00fcnk. Ha r\u00e1kattint egy harmadik f\u00e9l linkj\u00e9re, akkor \u00e1tir\u00e1ny\u00edt\u00e1sra ker\u00fcl az adott harmadik f\u00e9l webhely\u00e9re. Er\u0151sen javasoljuk, hogy minden megl\u00e1togatott webhely adatv\u00e9delmi szab\u00e1lyzat\u00e1t tekintse \u00e1t.<\/p>\n<p>A harmadik felek nem k\u00f6telesek betartani ezt az Adatv\u00e9delmi nyilatkozatot azokra a szem\u00e9lyes adatokra vonatkoz\u00f3an, amelyeket \u00d6n k\u00f6zvetlen\u00fcl azoknak a harmadik feleknek ad meg, vagy amelyeket azok a harmadik felek saj\u00e1t maguk gy\u0171jtenek. Nem ir\u00e1ny\u00edtjuk azokat a harmadik f\u00e9l webhelyeket, amelyek a Szolg\u00e1ltat\u00e1sainkon kereszt\u00fcl el\u00e9rhet\u0151k lehetnek. \u00cdgy ez az Adatv\u00e9delmi nyilatkozat nem vonatkozik azokra az inform\u00e1ci\u00f3kra, amelyeket \u00d6n harmadik f\u00e9l webhelyeknek ad meg, vagy amelyeket azok a harmadik felek, amelyek azokat \u00fczemeltetik, gy\u0171jtenek.<\/p>\n<p>&nbsp;<\/p>\n<h3>A NYILATKOZAT M\u00d3DOS\u00cdT\u00c1SAI<\/h3>\n<p>Id\u0151r\u0151l id\u0151re friss\u00edthetj\u00fck Adatv\u00e9delmi nyilatkozatunkat. Az esetleges v\u00e1ltoz\u00e1sokr\u00f3l a friss\u00edtett Adatv\u00e9delmi nyilatkozat k\u00f6zz\u00e9t\u00e9tel\u00e9vel \u00e9rtes\u00edtj\u00fck \u00d6nt ezen az oldalon. Ha l\u00e9nyeges v\u00e1ltoz\u00e1st eszk\u00f6z\u00f6l\u00fcnk a nyilatkozatban, \u00e9rtes\u00edtj\u00fck \u00d6nt e-mailben, a Szolg\u00e1ltat\u00e1sokon k\u00f6zz\u00e9tett \u00e9rtes\u00edt\u00e9s \u00fatj\u00e1n, vagy az alkalmazand\u00f3 jogszab\u00e1lyoknak megfelel\u0151en. A nyilatkozat utols\u00f3 friss\u00edt\u00e9s\u00e9nek id\u0151pontj\u00e1t az oldal alj\u00e1n tal\u00e1lhat\u00f3 d\u00e1tumb\u00f3l ellen\u0151rizheti. Javasoljuk, hogy rendszeresen tekintse \u00e1t ezt az Adatv\u00e9delmi nyilatkozatot az esetleges v\u00e1ltoz\u00e1sok miatt. Az Adatv\u00e9delmi nyilatkozat m\u00f3dos\u00edt\u00e1sai az ezen az oldalon t\u00f6rt\u00e9n\u0151 k\u00f6zz\u00e9t\u00e9tel id\u0151pontj\u00e1t\u00f3l \u00e9rv\u00e9nyesek.<\/p>\n<p>&nbsp;<\/p>\n<h3>KAPCSOLAT<\/h3>\n<p>Ha b\u00e1rmilyen k\u00e9rd\u00e9se van ezzel az Adatv\u00e9delmi nyilatkozattal kapcsolatban, felveheti vel\u00fcnk a kapcsolatot a k\u00f6vetkez\u0151 el\u00e9rhet\u0151s\u00e9geken:<\/p>\n<ul>\n<li>Email: reception@inpers.hu<\/li>\n<li>Telefon: +36 20 568 35 50<\/li>\n<li>C\u00edm\u00fcnk: 1066 Budapest, Hungary \u2013 \u00d3 utca 43-49.<\/li>\n<\/ul>\t\t\t\t\t\t\t\t<\/div>\n\t\t\t\t<\/div>\n\t\t\t\t\t<\/div>\n\t\t\t\t<\/div>\n\t\t<div class=\"elementor-element elementor-element-504bbe4 e-con-full e-flex e-con e-parent\" data-id=\"504bbe4\" data-element_type=\"container\">\n\t\t\t\t<\/div>\n\t\t\t\t<\/div>","protected":false},"excerpt":{"rendered":"<p>Privacy Statement for Bliss Hotel Kft Last updated 11\/27\/2024 The following Privacy Statement governs the online information collection practices of Bliss Hotel Kft (&#8220;Company&#8221;, &#8220;we&#8221; or &#8220;us&#8221;). It outlines the types of information that we gather about you while you are using our websites https:\/\/blisshouse.hu (the &#8220;Sites&#8221;) and the ways in which we use this [&hellip;]<\/p>","protected":false},"author":1,"featured_media":0,"parent":0,"menu_order":0,"comment_status":"closed","ping_status":"open","template":"","meta":{"footnotes":""},"class_list":["post-3","page","type-page","status-publish","hentry"],"_links":{"self":[{"href":"https:\/\/blisshouse.hu\/hu\/wp-json\/wp\/v2\/pages\/3","targetHints":{"allow":["GET"]}}],"collection":[{"href":"https:\/\/blisshouse.hu\/hu\/wp-json\/wp\/v2\/pages"}],"about":[{"href":"https:\/\/blisshouse.hu\/hu\/wp-json\/wp\/v2\/types\/page"}],"author":[{"embeddable":true,"href":"https:\/\/blisshouse.hu\/hu\/wp-json\/wp\/v2\/users\/1"}],"replies":[{"embeddable":true,"href":"https:\/\/blisshouse.hu\/hu\/wp-json\/wp\/v2\/comments?post=3"}],"version-history":[{"count":8,"href":"https:\/\/blisshouse.hu\/hu\/wp-json\/wp\/v2\/pages\/3\/revisions"}],"predecessor-version":[{"id":1452,"href":"https:\/\/blisshouse.hu\/hu\/wp-json\/wp\/v2\/pages\/3\/revisions\/1452"}],"wp:attachment":[{"href":"https:\/\/blisshouse.hu\/hu\/wp-json\/wp\/v2\/media?parent=3"}],"curies":[{"name":"wp","href":"https:\/\/api.w.org\/{rel}","templated":true}]}}